{"id":4469,"date":"2019-10-10T16:23:32","date_gmt":"2019-10-10T14:23:32","guid":{"rendered":"https:\/\/www.wtcmp.com\/espaces-de-travail-et-domiciliation\/"},"modified":"2022-02-04T11:08:53","modified_gmt":"2022-02-04T10:08:53","slug":"business-center","status":"publish","type":"page","link":"https:\/\/www.wtcmp.com\/en\/business-center\/","title":{"rendered":"Business Center"},"content":{"rendered":"<div class=\"wpb-content-wrapper\"><p>[vc_section full_width=&#8221;stretch_row_content&#8221;][vc_row][vc_column][vc_row_inner equal_height=&#8221;yes&#8221;][vc_column_inner width=&#8221;1\/4&#8243; css=&#8221;.vc_custom_1572960911922{padding-top: 30px !important;padding-right: 30px !important;padding-bottom: 30px !important;padding-left: 30px !important;background-color: #f3f6f9 !important;}&#8221; offset=&#8221;vc_col-lg-offset-0 vc_col-lg-3 vc_col-md-6 vc_col-xs-12&#8243;][vc_custom_heading text=&#8221;Private Office rental&#8221; font_container=&#8221;tag:h3|text_align:left&#8221; use_theme_fonts=&#8221;yes&#8221; link=&#8221;url:http%3A%2F%2Fwtcmp.wagaia.fr%2Fespace-de-travail-et-domiciliation%2Flocation-de-bureaux%2F|title:Location%20de%20bureaux||&#8221;][vc_empty_space height=&#8221;15px&#8221;][vc_column_text]In need for peace?<\/p>\n<p>With our spaces: win everything, do not miss anything! Our private offices are designed to make your professional life easier: provision of a telephone line, telephone consumption included <strong>to more than 45 destinations<\/strong>, high speed internet and unlimited access to printing facilities, direct debit, meeting rooms, management of your business mail and your messages via the cloud &#8230; In real or virtual mode, we take care of your business![\/vc_column_text][vc_empty_space height=&#8221;25px&#8221;][vc_btn title=&#8221;Find out more&#8221; style=&#8221;flat&#8221; shape=&#8221;square&#8221; color=&#8221;orange&#8221; align=&#8221;right&#8221; el_class=&#8221;mybtn&#8221; link=&#8221;url:%2Fen%2Fbusiness-center%2Fprivate-office-rental%2F|title:Private%20Office%20Rental||&#8221;][\/vc_column_inner][vc_column_inner width=&#8221;1\/4&#8243; css=&#8221;.vc_custom_1573658888605{background-image: url(https:\/\/www.wtcmp.com\/wp-content\/uploads\/2019\/11\/Location-bureau-Marseille-Sky-Center.jpg?id=4077) !important;background-position: center !important;background-repeat: no-repeat !important;background-size: cover !important;}&#8221; offset=&#8221;vc_hidden-md vc_hidden-sm vc_hidden-xs&#8221;][\/vc_column_inner][vc_column_inner width=&#8221;1\/4&#8243; css=&#8221;.vc_custom_1572960905036{padding-top: 30px !important;padding-right: 30px !important;padding-bottom: 30px !important;padding-left: 30px !important;background-color: #f3f6f9 !important;}&#8221; offset=&#8221;vc_col-lg-3 vc_col-md-6 vc_col-xs-12&#8243;][vc_custom_heading text=&#8221;Business Address&#8221; font_container=&#8221;tag:h3|text_align:left&#8221; use_theme_fonts=&#8221;yes&#8221; link=&#8221;url:http%3A%2F%2Fwtcmp.wagaia.fr%2Fespace-de-travail-et-domiciliation%2Fdomiciliation%2F|title:Domiciliation||&#8221;][vc_empty_space height=&#8221;15px&#8221;][vc_column_text]Need a business address in Marseille or Paris?<\/p>\n<p>Choose the World Trade Center Marseille Provence to see the big picture, and give your business the best address.[\/vc_column_text][vc_empty_space height=&#8221;25px&#8221;][vc_btn title=&#8221;Find out more&#8221; style=&#8221;flat&#8221; shape=&#8221;square&#8221; color=&#8221;orange&#8221; align=&#8221;right&#8221; el_class=&#8221;mybtn&#8221; link=&#8221;url:%2Fen%2Fbusiness-center%2Fbusiness-address%2F|title:Business%20Address||&#8221;][\/vc_column_inner][vc_column_inner width=&#8221;1\/4&#8243; css=&#8221;.vc_custom_1575299544473{background-image: url(https:\/\/www.wtcmp.com\/wp-content\/uploads\/2019\/12\/Accueil.jpg?id=4353) !important;background-position: center !important;background-repeat: no-repeat !important;background-size: cover !important;}&#8221; offset=&#8221;vc_hidden-md vc_hidden-sm vc_hidden-xs&#8221;][\/vc_column_inner][\/vc_row_inner][vc_row_inner equal_height=&#8221;yes&#8221;][vc_column_inner width=&#8221;1\/4&#8243; css=&#8221;.vc_custom_1573658927865{background-image: url(https:\/\/www.wtcmp.com\/wp-content\/uploads\/2019\/11\/Coworking-Marseille-maximepietri.jpg?id=4101) !important;background-position: center !important;background-repeat: no-repeat !important;background-size: cover !important;}&#8221; offset=&#8221;vc_hidden-md vc_hidden-sm vc_hidden-xs&#8221;][\/vc_column_inner][vc_column_inner width=&#8221;1\/4&#8243; css=&#8221;.vc_custom_1572960943919{padding-top: 30px !important;padding-right: 30px !important;padding-bottom: 30px !important;padding-left: 30px !important;background-color: #f3f6f9 !important;}&#8221; offset=&#8221;vc_col-lg-3 vc_col-md-6 vc_col-xs-12&#8243;][vc_custom_heading text=&#8221;Coworking&#8221; font_container=&#8221;tag:h3|text_align:left&#8221; use_theme_fonts=&#8221;yes&#8221; link=&#8221;url:http%3A%2F%2Fwtcmp.wagaia.fr%2Fespace-de-travail-et-domiciliation%2Fcoworking%2F|title:Coworking||&#8221;][vc_empty_space height=&#8221;15px&#8221;][vc_column_text]Rather need to be stimulated?<\/p>\n<p>The Cowork&#8217;In Vieux Port offers you the opportunity to work in <strong>a modern and functional collaborative space <\/strong>to accelerate your success! Join a <strong>caring community <\/strong>and share moments of conviviality between our<strong> regular activities <\/strong>and your work time.[\/vc_column_text][vc_empty_space height=&#8221;25px&#8221;][vc_btn title=&#8221;Find out more&#8221; style=&#8221;flat&#8221; shape=&#8221;square&#8221; color=&#8221;orange&#8221; align=&#8221;right&#8221; el_class=&#8221;mybtn&#8221; link=&#8221;url:%2Fen%2Fbusiness-center%2Fcoworking%2F|title:Coworking||&#8221;][\/vc_column_inner][vc_column_inner width=&#8221;1\/4&#8243; css=&#8221;.vc_custom_1575294542037{background-image: url(https:\/\/www.wtcmp.com\/wp-content\/uploads\/2019\/12\/domiciliation-espace.jpg?id=4323) !important;background-position: center !important;background-repeat: no-repeat !important;background-size: cover !important;}&#8221; offset=&#8221;vc_hidden-md vc_hidden-sm vc_hidden-xs&#8221;][\/vc_column_inner][vc_column_inner width=&#8221;1\/4&#8243; css=&#8221;.vc_custom_1572960953852{padding-top: 30px !important;padding-right: 30px !important;padding-bottom: 30px !important;padding-left: 30px !important;background-color: #f3f6f9 !important;}&#8221; offset=&#8221;vc_col-lg-3 vc_col-md-6 vc_col-xs-12&#8243;][vc_custom_heading text=&#8221;Meeting Rooms rental&#8221; font_container=&#8221;tag:h3|text_align:left&#8221; use_theme_fonts=&#8221;yes&#8221; link=&#8221;url:http%3A%2F%2Fwtcmp.wagaia.fr%2Flocation-de-salle%2F|title:Location%20de%20salle||&#8221;][vc_empty_space height=&#8221;15px&#8221;][vc_column_text]Benefit from completely renovated spaces to meet your employees, customers and suppliers.<\/p>\n<p>Opt for <strong>flexibility<\/strong> with the World Trade Center Marseille Provence offers: our spaces host your meetings whatever the duration of an hour to a day.[\/vc_column_text][vc_empty_space height=&#8221;25px&#8221;][vc_btn title=&#8221;Find out more&#8221; style=&#8221;flat&#8221; shape=&#8221;square&#8221; color=&#8221;orange&#8221; align=&#8221;right&#8221; el_class=&#8221;mybtn&#8221; link=&#8221;url:%2Fen%2Fbusiness-center%2Fmeeting-rooms-rental%2F|title:Meeting%20rooms%20rental||&#8221;][\/vc_column_inner][\/vc_row_inner][\/vc_column][\/vc_row][\/vc_section][vc_section disable_element=&#8221;yes&#8221;][vc_row gap=&#8221;10&#8243; equal_height=&#8221;yes&#8221; css=&#8221;.vc_custom_1571216404984{padding-top: 10px !important;padding-bottom: 35px !important;}&#8221;][vc_column width=&#8221;1\/4&#8243; css=&#8221;.vc_custom_1570722058122{padding-top: 30px !important;padding-right: 30px !important;padding-bottom: 15px !important;padding-left: 30px !important;background-color: #f3f6f9 !important;}&#8221;][vc_custom_heading text=&#8221;Location de bureaux&#8221; font_container=&#8221;tag:h3|text_align:left&#8221; use_theme_fonts=&#8221;yes&#8221; link=&#8221;url:http%3A%2F%2Fwtcmp.wagaia.fr%2Fespace-de-travail-et-domiciliation%2Flocation-de-bureaux%2F|title:Location%20de%20bureaux||&#8221;][vc_empty_space height=&#8221;15px&#8221;][vc_column_text]Besoin de tranquillit\u00e9 ?<\/p>\n<p>Avec nos espaces: gagnez tout, ne manquez plus de rien!<br \/>\nNos bureaux sont con\u00e7us pour vous faciliter le quotidien.[\/vc_column_text][vc_empty_space height=&#8221;25px&#8221;][vc_btn title=&#8221;En savoir +&#8221; style=&#8221;flat&#8221; shape=&#8221;square&#8221; color=&#8221;orange&#8221; align=&#8221;right&#8221; el_class=&#8221;mybtn&#8221; link=&#8221;url:http%3A%2F%2Fwtcmp.wagaia.fr%2Fespace-de-travail-et-domiciliation%2Flocation-de-bureaux%2F|title:Location%20de%20bureaux||&#8221;][\/vc_column][vc_column width=&#8221;1\/4&#8243; css=&#8221;.vc_custom_1570722144365{padding-top: 30px !important;padding-right: 30px !important;padding-bottom: 15px !important;padding-left: 30px !important;background-color: #f3f6f9 !important;}&#8221;][vc_custom_heading text=&#8221;Domiciliation&#8221; font_container=&#8221;tag:h3|text_align:left&#8221; use_theme_fonts=&#8221;yes&#8221; link=&#8221;url:http%3A%2F%2Fwtcmp.wagaia.fr%2Fespace-de-travail-et-domiciliation%2Fdomiciliation%2F|title:Domiciliation||&#8221;][vc_empty_space height=&#8221;15px&#8221;][vc_column_text]Besoin d\u2019une adresse professionnelle \u00e0 Marseille ou Paris\u00a0?<\/p>\n<p>Choisissez le World Trade Center Marseille Provence pour voir le business en grand, et donner \u00e0 votre entreprise la meilleure adresse.[\/vc_column_text][vc_empty_space height=&#8221;25px&#8221;][vc_btn title=&#8221;En savoir +&#8221; style=&#8221;flat&#8221; shape=&#8221;square&#8221; color=&#8221;orange&#8221; align=&#8221;right&#8221; el_class=&#8221;mybtn&#8221; link=&#8221;url:http%3A%2F%2Fwtcmp.wagaia.fr%2Fespace-de-travail-et-domiciliation%2Fdomiciliation%2F|title:Domiciliation||&#8221;][\/vc_column][vc_column width=&#8221;1\/4&#8243; css=&#8221;.vc_custom_1570722171934{padding-top: 30px !important;padding-right: 30px !important;padding-bottom: 15px !important;padding-left: 30px !important;background-color: #f3f6f9 !important;}&#8221;][vc_custom_heading text=&#8221;Coworking&#8221; font_container=&#8221;tag:h3|text_align:left&#8221; use_theme_fonts=&#8221;yes&#8221; link=&#8221;url:http%3A%2F%2Fwtcmp.wagaia.fr%2Fespace-de-travail-et-domiciliation%2Fcoworking%2F|title:Coworking||&#8221;][vc_empty_space height=&#8221;15px&#8221;][vc_column_text]Besoin d\u2019\u00eatre stimul\u00e9\u00a0?<\/p>\n<p>Le Cowork\u2019In Vieux Port vous offre la possibilit\u00e9 de travailler dans <strong>un espace collaboratif moderne et fonctionnel<\/strong> avec une<strong> communaut\u00e9 bienveillante<\/strong> et des <strong>animations r\u00e9guli\u00e8res<\/strong>.[\/vc_column_text][vc_empty_space height=&#8221;25px&#8221;][vc_btn title=&#8221;En savoir +&#8221; style=&#8221;flat&#8221; shape=&#8221;square&#8221; color=&#8221;orange&#8221; align=&#8221;right&#8221; el_class=&#8221;mybtn&#8221; link=&#8221;url:http%3A%2F%2Fwtcmp.wagaia.fr%2Fespace-de-travail-et-domiciliation%2Fcoworking%2F|title:Coworking||&#8221;][\/vc_column][vc_column width=&#8221;1\/4&#8243; css=&#8221;.vc_custom_1570722183383{padding-top: 30px !important;padding-right: 30px !important;padding-bottom: 15px !important;padding-left: 30px !important;background-color: #f3f6f9 !important;}&#8221;][vc_custom_heading text=&#8221;Location de salles&#8221; font_container=&#8221;tag:h3|text_align:left&#8221; use_theme_fonts=&#8221;yes&#8221; link=&#8221;url:http%3A%2F%2Fwtcmp.wagaia.fr%2Flocation-de-salle%2F|title:Location%20de%20salle||&#8221;][vc_empty_space height=&#8221;15px&#8221;][vc_column_text]Optez pour la <strong>flexibilit\u00e9<\/strong> avec nos offres\u00a0: les espaces World Trade Center Marseille Provence accueillent vos r\u00e9unions quelle qu\u2019en soit la dur\u00e9e, d\u2019une heure \u00e0 une journ\u00e9e.[\/vc_column_text][vc_empty_space height=&#8221;25px&#8221;][vc_btn title=&#8221;En savoir +&#8221; style=&#8221;flat&#8221; shape=&#8221;square&#8221; color=&#8221;orange&#8221; align=&#8221;right&#8221; el_class=&#8221;mybtn&#8221; link=&#8221;url:http%3A%2F%2Fwtcmp.wagaia.fr%2Flocation-de-salle%2F|title:Location%20de%20salle||&#8221;][\/vc_column][\/vc_row][\/vc_section][vc_section full_width=&#8221;stretch_row_content&#8221; css=&#8221;.vc_custom_1572953404160{padding-top: 50px !important;padding-bottom: 50px !important;background-color: #f09f54 !important;}&#8221;][vc_row el_class=&#8221;text-center&#8221;][vc_column]<ul class=\"iconlist iconlist iconlist-icon-medium \"><li><div class=\"white\"><div class=\"iconlist-item-icon\"><i class=\"fa fa-television\"><\/i><\/div><div class=\"iconlist-item-content\">Visio-conference<\/div><\/div><\/li><li><div class=\"white\"><div class=\"iconlist-item-icon\"><i class=\"fa fa-users\"><\/i><\/div><div class=\"iconlist-item-content\">Meeting rooms<\/div><\/div><\/li><li><div class=\"white\"><div class=\"iconlist-item-icon\"><i class=\"fa fa-podcast\"><\/i><\/div><div class=\"iconlist-item-content\">Multilingual administrative assistant<\/div><\/div><\/li><li><div class=\"white\"><div class=\"iconlist-item-icon\"><i class=\"fa fa-headphones\"><\/i><\/div><div class=\"iconlist-item-content\">Personalized telephone service<\/div><\/div><\/li><li><div class=\"white\"><div class=\"iconlist-item-icon\"><i class=\"fa fa-envelope-open-o\"><\/i><\/div><div class=\"iconlist-item-content\">Mail management<\/div><\/div><\/li><li><div class=\"white\"><div class=\"iconlist-item-icon\"><i class=\"fa fa-cloud-upload\"><\/i><\/div><div class=\"iconlist-item-content\">Virtual Office<\/div><\/div><\/li><\/ul>[\/vc_column][\/vc_row][\/vc_section][vc_section full_width=&#8221;stretch_row_content&#8221; content_placement=&#8221;middle&#8221;][vc_row full_width=&#8221;stretch_row_content_no_spaces&#8221;][vc_column offset=&#8221;vc_hidden-xs&#8221;]\n\t\t\t<!-- START sliderespacetravail REVOLUTION SLIDER 6.6.11 --><p class=\"rs-p-wp-fix\"><\/p>\n\t\t\t<rs-module-wrap id=\"rev_slider_45_1_wrapper\" data-source=\"gallery\" style=\"visibility:hidden;background:transparent;padding:0;margin:0px auto;margin-top:0;margin-bottom:0;\">\n\t\t\t\t<rs-module id=\"rev_slider_45_1\" style=\"\" data-version=\"6.6.11\">\n\t\t\t\t\t<rs-slides style=\"overflow: hidden; position: absolute;\">\n\t\t\t\t\t\t<rs-slide style=\"position: absolute;\" data-key=\"rs-249\" data-title=\"Slide\" data-thumb=\"\/\/www.wtcmp.com\/wp-content\/uploads\/2019\/11\/Location-de-salles-Sky-Center-50x100.jpg\" data-anim=\"ms:1000;r:0;\" data-in=\"o:0;\" data-out=\"a:false;\">\n\t\t\t\t\t\t\t<img decoding=\"async\" src=\"\/\/www.wtcmp.com\/wp-content\/plugins\/revsliderNEW\/public\/assets\/assets\/dummy.png\" alt=\"Location salle de formation \u00e9quip\u00e9e \u00e0 Marseille au sky center\" title=\"Salle de formation \u00e0 Marseille &#038; Paris | WTCMP\" width=\"1920\" height=\"1280\" class=\"rev-slidebg tp-rs-img rs-lazyload\" data-lazyload=\"\/\/www.wtcmp.com\/wp-content\/uploads\/2019\/11\/Location-de-salles-Sky-Center.jpg\" data-no-retina>\n<!--\n\t\t\t\t\t\t\t--><rs-layer\n\t\t\t\t\t\t\t\tid=\"slider-45-slide-249-layer-8\" \n\t\t\t\t\t\t\t\tdata-type=\"image\"\n\t\t\t\t\t\t\t\tdata-rsp_ch=\"on\"\n\t\t\t\t\t\t\t\tdata-xy=\"x:c;y:c;\"\n\t\t\t\t\t\t\t\tdata-text=\"w:normal;\"\n\t\t\t\t\t\t\t\tdata-dim=\"w:1920px;h:670px;\"\n\t\t\t\t\t\t\t\tdata-frame_999=\"o:0;st:w;\"\n\t\t\t\t\t\t\t\tstyle=\"z-index:5;\"\n\t\t\t\t\t\t\t><img decoding=\"async\" src=\"\/\/www.wtcmp.com\/wp-content\/plugins\/revsliderNEW\/public\/assets\/assets\/dummy.png\" alt=\"Location de salle de r\u00e9union 13001 - City Center\" class=\"tp-rs-img rs-lazyload\" width=\"1920\" height=\"670\" data-lazyload=\"\" data-no-retina title=\"\"> \n\t\t\t\t\t\t\t<\/rs-layer><!--\n-->\t\t\t\t\t\t<\/rs-slide>\n\t\t\t\t\t\t<rs-slide style=\"position: absolute;\" data-key=\"rs-248\" data-title=\"Slide\" data-thumb=\"\/\/www.wtcmp.com\/wp-content\/uploads\/2020\/06\/location-de-bureau-et-salle-de-reunion-a-marseille-50x100.jpg\" data-anim=\"ms:1000;r:0;\" data-in=\"o:0;\" data-out=\"a:false;\">\n\t\t\t\t\t\t\t<img decoding=\"async\" src=\"\/\/www.wtcmp.com\/wp-content\/plugins\/revsliderNEW\/public\/assets\/assets\/dummy.png\" alt=\"location bureau marseille centre ville\" title=\"location de bureau et salle de r\u00e9union \u00e0 marseille\" width=\"1200\" height=\"630\" class=\"rev-slidebg tp-rs-img rs-lazyload\" data-lazyload=\"\/\/www.wtcmp.com\/wp-content\/uploads\/2020\/06\/location-de-bureau-et-salle-de-reunion-a-marseille.jpg\" data-no-retina>\n<!--\n\t\t\t\t\t\t\t--><rs-layer\n\t\t\t\t\t\t\t\tid=\"slider-45-slide-248-layer-7\" \n\t\t\t\t\t\t\t\tdata-type=\"image\"\n\t\t\t\t\t\t\t\tdata-rsp_ch=\"on\"\n\t\t\t\t\t\t\t\tdata-xy=\"x:c;y:c;\"\n\t\t\t\t\t\t\t\tdata-text=\"w:normal;\"\n\t\t\t\t\t\t\t\tdata-dim=\"w:1920px;h:670px;\"\n\t\t\t\t\t\t\t\tdata-frame_999=\"o:0;st:w;\"\n\t\t\t\t\t\t\t\tstyle=\"z-index:5;\"\n\t\t\t\t\t\t\t><img decoding=\"async\" src=\"\/\/www.wtcmp.com\/wp-content\/plugins\/revsliderNEW\/public\/assets\/assets\/dummy.png\" alt=\"Location salle de visioconf\u00e9rence \u00e0 Marseille\u00a0 - City Center\" class=\"tp-rs-img rs-lazyload\" width=\"1920\" height=\"670\" data-lazyload=\"\" data-no-retina title=\"\"> \n\t\t\t\t\t\t\t<\/rs-layer><!--\n-->\t\t\t\t\t\t<\/rs-slide>\n\t\t\t\t\t\t<rs-slide style=\"position: absolute;\" data-key=\"rs-252\" data-title=\"Slide\" data-thumb=\"\/\/www.wtcmp.com\/wp-content\/uploads\/2019\/11\/Location-bureau-Marseille-Sky-Center-50x100.jpg\" data-anim=\"ms:1000;r:0;\" data-in=\"o:0;\" data-out=\"a:false;\">\n\t\t\t\t\t\t\t<img decoding=\"async\" src=\"\/\/www.wtcmp.com\/wp-content\/plugins\/revsliderNEW\/public\/assets\/assets\/dummy.png\" alt=\"Bureau Tour La Marseille Maxime Pietri | WTCMP\" title=\"Bureau Tour La Marseille Maxime Pietri | WTCMP\" width=\"1920\" height=\"1280\" class=\"rev-slidebg tp-rs-img rs-lazyload\" data-lazyload=\"\/\/www.wtcmp.com\/wp-content\/uploads\/2019\/11\/Location-bureau-Marseille-Sky-Center.jpg\" data-no-retina>\n<!--\n\t\t\t\t\t\t\t--><rs-layer\n\t\t\t\t\t\t\t\tid=\"slider-45-slide-252-layer-11\" \n\t\t\t\t\t\t\t\tdata-type=\"image\"\n\t\t\t\t\t\t\t\tdata-rsp_ch=\"on\"\n\t\t\t\t\t\t\t\tdata-xy=\"x:c;y:c;\"\n\t\t\t\t\t\t\t\tdata-text=\"w:normal;\"\n\t\t\t\t\t\t\t\tdata-dim=\"w:1920px;h:670px;\"\n\t\t\t\t\t\t\t\tdata-frame_999=\"o:0;st:w;\"\n\t\t\t\t\t\t\t\tstyle=\"z-index:5;\"\n\t\t\t\t\t\t\t><img decoding=\"async\" src=\"\/\/www.wtcmp.com\/wp-content\/plugins\/revsliderNEW\/public\/assets\/assets\/dummy.png\" alt=\"Location salle de s\u00e9minaire vieux port en plein c\u0153ur de\u00a0 Marseille - City Center\" class=\"tp-rs-img rs-lazyload\" width=\"1920\" height=\"670\" data-lazyload=\"\" data-no-retina title=\"\"> \n\t\t\t\t\t\t\t<\/rs-layer><!--\n-->\t\t\t\t\t\t<\/rs-slide>\n\t\t\t\t\t\t<rs-slide style=\"position: absolute;\" data-key=\"rs-273\" data-title=\"Slide\" data-thumb=\"\/\/www.wtcmp.com\/wp-content\/uploads\/2019\/10\/Location-de-salles-City-Center-50x100.jpg\" data-anim=\"ms:1000;r:0;\" data-in=\"o:0;\" data-out=\"a:false;\">\n\t\t\t\t\t\t\t<img decoding=\"async\" src=\"\/\/www.wtcmp.com\/wp-content\/plugins\/revsliderNEW\/public\/assets\/assets\/dummy.png\" alt=\"Location de salle de travail \u00e0 Marseille & Paris\u00a0\" title=\"Montreal salle de travail \u00e0 Marseille &#038; Paris\u00a0\" width=\"1920\" height=\"1280\" class=\"rev-slidebg tp-rs-img rs-lazyload\" data-lazyload=\"\/\/www.wtcmp.com\/wp-content\/uploads\/2019\/10\/Location-de-salles-City-Center.jpg\" data-no-retina>\n<!--\n\t\t\t\t\t\t\t--><rs-layer\n\t\t\t\t\t\t\t\tid=\"slider-45-slide-273-layer-9\" \n\t\t\t\t\t\t\t\tdata-type=\"image\"\n\t\t\t\t\t\t\t\tdata-rsp_ch=\"on\"\n\t\t\t\t\t\t\t\tdata-xy=\"x:c;y:c;\"\n\t\t\t\t\t\t\t\tdata-text=\"w:normal;\"\n\t\t\t\t\t\t\t\tdata-dim=\"w:1920px;h:670px;\"\n\t\t\t\t\t\t\t\tdata-frame_999=\"o:0;st:w;\"\n\t\t\t\t\t\t\t\tstyle=\"z-index:5;\"\n\t\t\t\t\t\t\t><img decoding=\"async\" src=\"\/\/www.wtcmp.com\/wp-content\/plugins\/revsliderNEW\/public\/assets\/assets\/dummy.png\" alt=\"Location espace de travail Marseille - City Center\" class=\"tp-rs-img rs-lazyload\" width=\"1920\" height=\"670\" data-lazyload=\"\" data-no-retina title=\"\"> \n\t\t\t\t\t\t\t<\/rs-layer><!--\n-->\t\t\t\t\t\t<\/rs-slide>\n\t\t\t\t\t\t<rs-slide style=\"position: absolute;\" data-key=\"rs-254\" data-title=\"Slide\" data-thumb=\"\/\/www.wtcmp.com\/wp-content\/uploads\/2019\/10\/Business-maxime-pietri-50x100.jpg\" data-anim=\"ms:1000;r:0;\" data-in=\"o:0;\" data-out=\"a:false;\">\n\t\t\t\t\t\t\t<img decoding=\"async\" src=\"\/\/www.wtcmp.com\/wp-content\/plugins\/revsliderNEW\/public\/assets\/assets\/dummy.png\" alt=\"Location salle de r\u00e9union \u00e9quip\u00e9e \u00e0 Marseille Tour La Marseillaise\u00a0 | Sky Center\" title=\"Salle de r\u00e9union \u00e9quip\u00e9e \u00e0 Marseille Tour La Marseillaise\u00a0 | Sky Center\" width=\"1920\" height=\"1280\" class=\"rev-slidebg tp-rs-img rs-lazyload\" data-lazyload=\"\/\/www.wtcmp.com\/wp-content\/uploads\/2019\/10\/Business-maxime-pietri.jpg\" data-no-retina>\n<!--\n\t\t\t\t\t\t\t--><rs-layer\n\t\t\t\t\t\t\t\tid=\"slider-45-slide-254-layer-15\" \n\t\t\t\t\t\t\t\tdata-type=\"image\"\n\t\t\t\t\t\t\t\tdata-rsp_ch=\"on\"\n\t\t\t\t\t\t\t\tdata-xy=\"x:c;y:c;\"\n\t\t\t\t\t\t\t\tdata-text=\"w:normal;\"\n\t\t\t\t\t\t\t\tdata-dim=\"w:1920px;h:670px;\"\n\t\t\t\t\t\t\t\tdata-frame_999=\"o:0;st:w;\"\n\t\t\t\t\t\t\t\tstyle=\"z-index:5;\"\n\t\t\t\t\t\t\t><img decoding=\"async\" src=\"\/\/www.wtcmp.com\/wp-content\/plugins\/revsliderNEW\/public\/assets\/assets\/dummy.png\" alt=\"Location salle pl\u00e9ni\u00e8re \u00e0 Marseille Centre Ville - City Center\" class=\"tp-rs-img rs-lazyload\" width=\"1920\" height=\"670\" data-lazyload=\"\" data-no-retina title=\"\"> \n\t\t\t\t\t\t\t<\/rs-layer><!--\n-->\t\t\t\t\t\t<\/rs-slide>\n\t\t\t\t\t<\/rs-slides>\n\t\t\t\t\t<rs-static-layers><!--\n\t\t\t\t\t--><\/rs-static-layers>\n\t\t\t\t<\/rs-module>\n\t\t\t\t<script>\n\t\t\t\t\tsetREVStartSize({c: 'rev_slider_45_1',rl:[1240,1024,778,480],el:[400],gw:[1220],gh:[400],type:'standard',justify:'',layout:'fullwidth',mh:\"0\"});if (window.RS_MODULES!==undefined && window.RS_MODULES.modules!==undefined && window.RS_MODULES.modules[\"revslider451\"]!==undefined) {window.RS_MODULES.modules[\"revslider451\"].once = false;window.revapi45 = undefined;if (window.RS_MODULES.checkMinimal!==undefined) window.RS_MODULES.checkMinimal()}\n\t\t\t\t<\/script>\n\t\t\t<\/rs-module-wrap>\n\t\t\t<!-- END REVOLUTION SLIDER -->\n[\/vc_column][\/vc_row][\/vc_section]<\/p>\n<\/div>","protected":false},"excerpt":{"rendered":"<p>[vc_section full_width=&#8221;stretch_row_content&#8221;][vc_row][vc_column][vc_row_inner equal_height=&#8221;yes&#8221;][vc_column_inner width=&#8221;1\/4&#8243; css=&#8221;.vc_custom_1572960911922{padding-top: 30px !important;padding-right: 30px !important;padding-bottom: 30px !important;padding-left: 30px !important;background-color: #f3f6f9 !important;}&#8221; offset=&#8221;vc_col-lg-offset-0 vc_col-lg-3 vc_col-md-6 vc_col-xs-12&#8243;][vc_custom_heading text=&#8221;Private Office rental&#8221; font_container=&#8221;tag:h3|text_align:left&#8221; use_theme_fonts=&#8221;yes&#8221; link=&#8221;url:http%3A%2F%2Fwtcmp.wagaia.fr%2Fespace-de-travail-et-domiciliation%2Flocation-de-bureaux%2F|title:Location%20de%20bureaux||&#8221;][vc_empty_space height=&#8221;15px&#8221;][vc_column_text]In need for peace? With [&hellip;]<\/p>\n","protected":false},"author":7,"featured_media":0,"parent":0,"menu_order":0,"comment_status":"closed","ping_status":"closed","template":"","meta":{"footnotes":""},"class_list":["post-4469","page","type-page","status-publish","hentry"],"acf":[],"_links":{"self":[{"href":"https:\/\/www.wtcmp.com\/en\/wp-json\/wp\/v2\/pages\/4469","targetHints":{"allow":["GET"]}}],"collection":[{"href":"https:\/\/www.wtcmp.com\/en\/wp-json\/wp\/v2\/pages"}],"about":[{"href":"https:\/\/www.wtcmp.com\/en\/wp-json\/wp\/v2\/types\/page"}],"author":[{"embeddable":true,"href":"https:\/\/www.wtcmp.com\/en\/wp-json\/wp\/v2\/users\/7"}],"replies":[{"embeddable":true,"href":"https:\/\/www.wtcmp.com\/en\/wp-json\/wp\/v2\/comments?post=4469"}],"version-history":[{"count":8,"href":"https:\/\/www.wtcmp.com\/en\/wp-json\/wp\/v2\/pages\/4469\/revisions"}],"predecessor-version":[{"id":6130,"href":"https:\/\/www.wtcmp.com\/en\/wp-json\/wp\/v2\/pages\/4469\/revisions\/6130"}],"wp:attachment":[{"href":"https:\/\/www.wtcmp.com\/en\/wp-json\/wp\/v2\/media?parent=4469"}],"curies":[{"name":"wp","href":"https:\/\/api.w.org\/{rel}","templated":true}]}}