{"id":4567,"date":"2019-10-11T09:43:27","date_gmt":"2019-10-11T07:43:27","guid":{"rendered":"https:\/\/www.wtcmp.com\/sky-center-la-marseillaise\/"},"modified":"2023-01-31T17:21:15","modified_gmt":"2023-01-31T16:21:15","slug":"sky-center-la-marseillaise","status":"publish","type":"page","link":"https:\/\/www.wtcmp.com\/en\/sky-center-la-marseillaise\/","title":{"rendered":"Sky Center La Marseillaise"},"content":{"rendered":"<div class=\"wpb-content-wrapper\"><p>[vc_section full_width=&#8221;stretch_row&#8221; content_placement=&#8221;middle&#8221; css_animation=&#8221;fadeIn&#8221; css=&#8221;.vc_custom_1571260238565{background-color: rgba(255,255,255,0.01) !important;background-position: center !important;background-repeat: no-repeat !important;background-size: cover !important;*background-color: rgb(255,255,255) !important;}&#8221; el_class=&#8221;mask&#8221;][vc_row full_width=&#8221;stretch_row_content_no_spaces&#8221; content_placement=&#8221;middle&#8221; css=&#8221;.vc_custom_1573750332325{background-position: center !important;background-repeat: no-repeat !important;background-size: contain !important;}&#8221;][vc_column][vc_single_image image=&#8221;3302&#8243; img_size=&#8221;full&#8221;][\/vc_column][\/vc_row][\/vc_section][vc_section el_id=&#8221;city_center&#8221;][vc_row][vc_column][vc_wp_custommenu nav_menu=&#8221;89&#8243;][vc_row_inner][vc_column_inner][vc_empty_space height=&#8221;40px&#8221;][vc_custom_heading text=&#8221;Click and discover<br \/>\nthe most beautiful views Marseille&#8221; font_container=&#8221;tag:h1|font_size:1.875rem|text_align:center|color:%23f09f54&#8243; use_theme_fonts=&#8221;yes&#8221;][vc_empty_space][\/vc_column_inner][\/vc_row_inner][\/vc_column][\/vc_row][vc_row][vc_column width=&#8221;1\/4&#8243;][vc_single_image image=&#8221;7099&#8243; img_size=&#8221;large&#8221; onclick=&#8221;custom_link&#8221; img_link_target=&#8221;_blank&#8221; link=&#8221;https:\/\/www.devisubox.com\/dv\/dv.php5?pgl=Project\/interface&amp;dv_pjv_sPjvName=sky_center_marseille&#8221;][\/vc_column][vc_column width=&#8221;1\/4&#8243;][vc_single_image image=&#8221;6938&#8243; img_size=&#8221;large&#8221; alignment=&#8221;center&#8221; onclick=&#8221;custom_link&#8221; img_link_target=&#8221;_blank&#8221; link=&#8221;https:\/\/www.devisubox.com\/dv\/dv.php5?pgl=Project\/interface&amp;sRef=6S2C26X0E&amp;nStartingSite=ZZH7XNPXT&amp;sStyle=.dvb_view_menu-icon%7Bdisplay%3Anone%7D&#8221;][\/vc_column][vc_column width=&#8221;1\/4&#8243;][vc_single_image image=&#8221;6939&#8243; img_size=&#8221;large&#8221; alignment=&#8221;center&#8221; onclick=&#8221;custom_link&#8221; img_link_target=&#8221;_blank&#8221; link=&#8221;https:\/\/www.devisubox.com\/dv\/dv.php5?pgl=Project\/interface&amp;sRef=6S2C26X0E&amp;nStartingSite=VHZ8OOPR9&amp;sStyle=.dvb_view_menu-icon%7Bdisplay%3Anone%7D&#8221;][\/vc_column][vc_column width=&#8221;1\/4&#8243;][vc_single_image image=&#8221;6937&#8243; img_size=&#8221;large&#8221; alignment=&#8221;right&#8221; onclick=&#8221;custom_link&#8221; img_link_target=&#8221;_blank&#8221; link=&#8221;https:\/\/www.devisubox.com\/dv\/dv.php5?pgl=Project\/interface&amp;sRef=6S2C26X0E&amp;nStartingSite=11D1Z4QZHH&amp;sStyle=.dvb_view_menu-icon%7Bdisplay%3Anone%7D&#8221;][\/vc_column][\/vc_row][vc_row][vc_column][vc_empty_space height=&#8221;60px&#8221; el_id=&#8221;avantages&#8221;][vc_custom_heading text=&#8221;Give height to your Business, on the high-tech roof of Marseille&#8221; font_container=&#8221;tag:h1|font_size:1.875rem|text_align:center|color:%23f09f54&#8243; use_theme_fonts=&#8221;yes&#8221;][\/vc_column][\/vc_row][vc_row full_width=&#8221;stretch_row&#8221; gap=&#8221;35&#8243; content_placement=&#8221;middle&#8221; css_animation=&#8221;none&#8221; el_class=&#8221;gradient2&#8243; css=&#8221;.vc_custom_1572964658404{padding-top: 20px !important;padding-bottom: 50px !important;}&#8221;][vc_column css_animation=&#8221;fadeInLeft&#8221; width=&#8221;1\/2&#8243;][vc_column_text]At the top of Jean Nouvel\u2019s La Marseillaise tower, our Sky Center La Marseillaise is the city\u2019s first-class location for hosting your seminars, board meetings, management committees, and cocktails\u2026 and treating your company to a prestigious address or an ocean-view office.<\/p>\n<p>At 135 m tall, with an unrestricted view of the harbor, a fa\u00e7ade that alternates between blue, white, and red depending on the time of day, and hanging hardens reminiscent of the calanques, La Marseillaise is an ode to nature and modernity.<\/p>\n<p>Live a unique experience in this new Marseille, rich with unusual cultural sites and avant-garde shopping malls .The biggest names in business have already left their mark here. What about you?<br \/>\n[\/vc_column_text][\/vc_column][vc_column css_animation=&#8221;fadeInRight&#8221; width=&#8221;1\/2&#8243;][vc_video link=&#8221;https:\/\/www.youtube.com\/watch?v=iAL4WrTvzV8&amp;t=1s&#8221; align=&#8221;center&#8221; css_animation=&#8221;fadeInRight&#8221;][vc_empty_space height=&#8221;20px&#8221;][\/vc_column][\/vc_row][vc_row][vc_column][vc_empty_space height=&#8221;0px&#8221;][\/vc_column][\/vc_row][\/vc_section][vc_section full_width=&#8221;stretch_row&#8221; css_animation=&#8221;none&#8221; css=&#8221;.vc_custom_1570544401757{padding-top: 80px !important;padding-bottom: 60px !important;}&#8221;][vc_row][vc_column css_animation=&#8221;fadeIn&#8221;][vc_custom_heading text=&#8221;Benefits&#8221; font_container=&#8221;tag:h2|font_size:1.875rem|text_align:center|color:%23f09f54&#8243; use_theme_fonts=&#8221;yes&#8221;][vc_empty_space height=&#8221;60px&#8221;]<ul class=\"iconlist iconlist iconlist-icon-small columns-3 gap-50\"><li><div ><div class=\"iconlist-item-icon\"><i class=\"fa fa-exchange\"><\/i><\/div><div class=\"iconlist-item-content\"><h4>Easy Access<\/h4><p>By plane, train, metro or light rail, with a public Indigo parking lot at the bottom of la Tour la Marseillaise,<br \/>don\u2019t waste a minute to make place for business.<\/div><\/div><\/li><li><div ><div class=\"iconlist-item-icon\"><i class=\"fa fa-sun-o\"><\/i><\/div><div class=\"iconlist-item-content\"><h4>2200 sqm of flexible space and Unrestricted ocean-view of the harbor &amp; Marseille<\/h4><p>Create your moment of exception between sky and sea and let yourself absorbed by a breathtaking view.<\/div><\/div><\/li><li><div ><div class=\"iconlist-item-icon\"><i class=\"fa fa-handshake-o\"><\/i><\/div><div class=\"iconlist-item-content\"><h4>An estimate tailored to your needs: turnkey, flexible offers<\/h4><p>Enjoy a project managed from start to finish by our professionnal team.<\/div><\/div><\/li><li><div ><div class=\"iconlist-item-icon\"><i class=\"fa fa-laptop\"><\/i><\/div><div class=\"iconlist-item-content\"><h4>High technology<\/h4><p>Pepper the Semi-humanoid robot, Connected screens, Click-Share, Digital Paperboard, Solution desk, Integrated control unit, Projection screen, Multipoint videoconferencing, Technical support, Unlimited 1giga Wifi.<\/div><\/div><\/li><li><div ><div class=\"iconlist-item-icon\"><i class=\"fa fa-podcast\"><\/i><\/div><div class=\"iconlist-item-content\"><h4>An Event Coordinator on-site<\/h4><p>An Event Coordinator is available on-site throughout the duration of your event.<\/div><\/div><\/li><li><div ><div class=\"iconlist-item-icon\"><i class=\"fa fa-glass\"><\/i><\/div><div class=\"iconlist-item-content\"><h4>No time limit for your parties<\/h4><p>Festive mood? We will not close you the door at 2 o&#8217;clock in the morning.<\/div><\/div><\/li><\/ul>[\/vc_column][\/vc_row][\/vc_section][vc_section full_width=&#8221;stretch_row&#8221; css=&#8221;.vc_custom_1571301775717{padding-top: 60px !important;padding-bottom: 400px !important;background-color: #f3f4f7 !important;}&#8221; el_id=&#8221;activites&#8221;][vc_row][vc_column][vc_custom_heading text=&#8221;Activities&#8221; font_container=&#8221;tag:h2|font_size:1.875rem|text_align:center|color:%23f09f54&#8243; use_theme_fonts=&#8221;yes&#8221;][vc_empty_space height=&#8221;60px&#8221;][\/vc_column][\/vc_row][vc_row el_class=&#8221;sites_activities&#8221;][vc_column width=&#8221;1\/6&#8243;][\/vc_column][vc_column css_animation=&#8221;bounceIn&#8221; width=&#8221;1\/3&#8243; el_class=&#8221;item&#8221;][vc_single_image image=&#8221;3578&#8243; img_size=&#8221;large&#8221; alignment=&#8221;center&#8221; css=&#8221;.vc_custom_1572339689231{background-position: center !important;background-repeat: no-repeat !important;background-size: contain !important;}&#8221;][vc_column_text]<\/p>\n<h6>Event Center \/ Convention centers &amp; Meeting<\/h6>\n<ul>\n<li>Number of meeting rooms : 6<\/li>\n<li>Maximum area : 900m2<\/li>\n<li>Catering services on-site<\/li>\n<\/ul>\n<p><a class=\"button no-bg\" href=\"\/en\/event-center\/event-center-sky-center\/\">Find out more<i class=\"vc_btn3-icon vc-material vc-material-arrow_forward\"><\/i><\/a>[\/vc_column_text][\/vc_column][vc_column css_animation=&#8221;bounceIn&#8221; width=&#8221;1\/3&#8243;][vc_single_image image=&#8221;2441&#8243; img_size=&#8221;large&#8221; alignment=&#8221;center&#8221; css=&#8221;.vc_custom_1572339335789{background-position: center !important;background-repeat: no-repeat !important;background-size: contain !important;}&#8221;][vc_column_text]<\/p>\n<h6>Business Center \/ Workspaces, Meeting rooms &amp; Business Address<\/h6>\n<ul>\n<li>Solution Desk<\/li>\n<li>Daily\/ Half-Daily \/ Monthly Rent<\/li>\n<li>Offices equipped with 24\/24 access<\/li>\n<li>All-Inclusive Offers<\/li>\n<\/ul>\n<p><a class=\"button no-bg\" href=\"\/en\/business-center\/\">Find out more<i class=\"vc_btn3-icon vc-material vc-material-arrow_forward\"><\/i><\/a>[\/vc_column_text][\/vc_column][vc_column width=&#8221;1\/6&#8243;][\/vc_column][\/vc_row][\/vc_section][vc_section el_class=&#8221;sites_infos_pratiques&#8221; el_id=&#8221;galerie&#8221;][vc_row][vc_column]\n\t\t\t<!-- START Event Center (Sky Center) REVOLUTION SLIDER 6.6.11 --><p class=\"rs-p-wp-fix\"><\/p>\n\t\t\t<rs-module-wrap id=\"rev_slider_9_1_wrapper\" data-source=\"gallery\" style=\"visibility:hidden;background:transparent;padding:0;margin:0px auto;margin-top:0;margin-bottom:0;\">\n\t\t\t\t<rs-module id=\"rev_slider_9_1\" style=\"\" data-version=\"6.6.11\">\n\t\t\t\t\t<rs-slides style=\"overflow: hidden; position: absolute;\">\n\t\t\t\t\t\t<rs-slide style=\"position: absolute;\" data-key=\"rs-64\" data-title=\"Slide\" data-thumb=\"\/\/www.wtcmp.com\/wp-content\/uploads\/2019\/11\/CENTAURE-en-rectangle-5-50x100.jpg\" data-anim=\"ms:1000;r:0;\" data-in=\"o:0;\" data-out=\"a:false;\">\n\t\t\t\t\t\t\t<img decoding=\"async\" src=\"\/\/www.wtcmp.com\/wp-content\/plugins\/revsliderNEW\/public\/assets\/assets\/dummy.png\" alt=\"salle de r\u00e9union enti\u00e8rement \u00e9quip\u00e9e \u00e0 la joliette\" title=\"CENTAURE-en-rectangle-5\" width=\"1920\" height=\"1280\" class=\"rev-slidebg tp-rs-img rs-lazyload\" data-lazyload=\"\/\/www.wtcmp.com\/wp-content\/uploads\/2019\/11\/CENTAURE-en-rectangle-5.jpg\" data-no-retina>\n<!--\n\t\t\t\t\t\t\t--><rs-layer\n\t\t\t\t\t\t\t\tid=\"slider-9-slide-64-layer-4\" \n\t\t\t\t\t\t\t\tdata-type=\"image\"\n\t\t\t\t\t\t\t\tdata-rsp_ch=\"on\"\n\t\t\t\t\t\t\t\tdata-xy=\"x:c;y:c;\"\n\t\t\t\t\t\t\t\tdata-text=\"w:normal;\"\n\t\t\t\t\t\t\t\tdata-dim=\"w:1920px;h:670px;\"\n\t\t\t\t\t\t\t\tdata-frame_999=\"o:0;st:w;\"\n\t\t\t\t\t\t\t\tstyle=\"z-index:5;\"\n\t\t\t\t\t\t\t><img decoding=\"async\" src=\"\/\/www.wtcmp.com\/wp-content\/plugins\/revsliderNEW\/public\/assets\/assets\/dummy.png\" alt=\"Salle de congr\u00e8s - Centre de congr\u00e8s Sky Center la Marseillaise\" class=\"tp-rs-img rs-lazyload\" width=\"1920\" height=\"670\" data-lazyload=\"\" data-no-retina title=\"\"> \n\t\t\t\t\t\t\t<\/rs-layer><!--\n-->\t\t\t\t\t\t<\/rs-slide>\n\t\t\t\t\t\t<rs-slide style=\"position: absolute;\" data-key=\"rs-66\" data-title=\"Slide\" data-thumb=\"\/\/www.wtcmp.com\/wp-content\/uploads\/2019\/10\/Slider-sky-center-marseillaise-2-50x100.jpg\" data-anim=\"ms:1000;r:0;\" data-in=\"o:0;\" data-out=\"a:false;\">\n\t\t\t\t\t\t\t<img decoding=\"async\" src=\"\/\/www.wtcmp.com\/wp-content\/plugins\/revsliderNEW\/public\/assets\/assets\/dummy.png\" alt=\"Location salle de r\u00e9ception avec traiteur \u00e0 Marseille Tour La Marseillaise\u00a0 | Sky Center\" title=\"Salle de r\u00e9ception avec traiteur \u00e0 Marseille Tour La Marseillaise\u00a0 | Sky Center\" width=\"1920\" height=\"670\" class=\"rev-slidebg tp-rs-img rs-lazyload\" data-lazyload=\"\/\/www.wtcmp.com\/wp-content\/uploads\/2019\/10\/Slider-sky-center-marseillaise-2.jpg\" data-no-retina>\n<!--\n\t\t\t\t\t\t\t--><rs-layer\n\t\t\t\t\t\t\t\tid=\"slider-9-slide-66-layer-6\" \n\t\t\t\t\t\t\t\tdata-type=\"image\"\n\t\t\t\t\t\t\t\tdata-rsp_ch=\"on\"\n\t\t\t\t\t\t\t\tdata-xy=\"x:c;y:c;\"\n\t\t\t\t\t\t\t\tdata-text=\"w:normal;\"\n\t\t\t\t\t\t\t\tdata-dim=\"w:1920px;h:670px;\"\n\t\t\t\t\t\t\t\tdata-frame_999=\"o:0;st:w;\"\n\t\t\t\t\t\t\t\tstyle=\"z-index:5;\"\n\t\t\t\t\t\t\t><img decoding=\"async\" src=\"\/\/www.wtcmp.com\/wp-content\/plugins\/revsliderNEW\/public\/assets\/assets\/dummy.png\" alt=\"Location salle vue panoramique \u00e0 Marseille Tour La Marseillaise - Sky Center\" class=\"tp-rs-img rs-lazyload\" width=\"1920\" height=\"670\" data-lazyload=\"\" data-no-retina title=\"\"> \n\t\t\t\t\t\t\t<\/rs-layer><!--\n-->\t\t\t\t\t\t<\/rs-slide>\n\t\t\t\t\t\t<rs-slide style=\"position: absolute;\" data-key=\"rs-61\" data-title=\"Slide\" data-thumb=\"\/\/www.wtcmp.com\/wp-content\/uploads\/2019\/11\/ORION-en-rectangle-50x100.jpg\" data-anim=\"ms:1000;r:0;\" data-in=\"o:0;\" data-out=\"a:false;\">\n\t\t\t\t\t\t\t<img decoding=\"async\" src=\"\/\/www.wtcmp.com\/wp-content\/plugins\/revsliderNEW\/public\/assets\/assets\/dummy.png\" alt=\"salle de formation enti\u00e8rement \u00e9quip\u00e9e dans le quartier d'affaire Eurom\u00e9diterran\u00e9e\" title=\"ORION-en-rectangle\" width=\"1920\" height=\"1280\" class=\"rev-slidebg tp-rs-img rs-lazyload\" data-lazyload=\"\/\/www.wtcmp.com\/wp-content\/uploads\/2019\/11\/ORION-en-rectangle.jpg\" data-no-retina>\n<!--\n\t\t\t\t\t\t\t--><rs-layer\n\t\t\t\t\t\t\t\tid=\"slider-9-slide-61-layer-17\" \n\t\t\t\t\t\t\t\tdata-type=\"image\"\n\t\t\t\t\t\t\t\tdata-rsp_ch=\"on\"\n\t\t\t\t\t\t\t\tdata-xy=\"x:c;y:c;\"\n\t\t\t\t\t\t\t\tdata-text=\"w:normal;\"\n\t\t\t\t\t\t\t\tdata-dim=\"w:1920px;h:670px;\"\n\t\t\t\t\t\t\t\tdata-frame_999=\"o:0;st:w;\"\n\t\t\t\t\t\t\t\tstyle=\"z-index:5;\"\n\t\t\t\t\t\t\t><img decoding=\"async\" src=\"\/\/www.wtcmp.com\/wp-content\/plugins\/revsliderNEW\/public\/assets\/assets\/dummy.png\" alt=\"Salle de congr\u00e8s - Centre de congr\u00e8s Sky Center la Marseillaise\" class=\"tp-rs-img rs-lazyload\" width=\"1920\" height=\"670\" data-lazyload=\"\" data-no-retina title=\"\"> \n\t\t\t\t\t\t\t<\/rs-layer><!--\n-->\t\t\t\t\t\t<\/rs-slide>\n\t\t\t\t\t\t<rs-slide style=\"position: absolute;\" data-key=\"rs-63\" data-title=\"Slide\" data-thumb=\"\/\/www.wtcmp.com\/wp-content\/uploads\/2019\/11\/AQUILA-LIBRA-en-th\u00e9\u00e2tre-20-50x100.jpg\" data-anim=\"ms:1000;r:0;\" data-in=\"o:0;\" data-out=\"a:false;\">\n\t\t\t\t\t\t\t<img decoding=\"async\" src=\"\/\/www.wtcmp.com\/wp-content\/plugins\/revsliderNEW\/public\/assets\/assets\/dummy.png\" alt=\"orgnanisez votre r\u00e9union dans la tour la marseillaise\" title=\"AQUILA-LIBRA-en-th\u00e9\u00e2tre-20\" width=\"1920\" height=\"1280\" class=\"rev-slidebg tp-rs-img rs-lazyload\" data-lazyload=\"\/\/www.wtcmp.com\/wp-content\/uploads\/2019\/11\/AQUILA-LIBRA-en-th\u00e9\u00e2tre-20.jpg\" data-no-retina>\n<!--\n\t\t\t\t\t\t\t--><rs-layer\n\t\t\t\t\t\t\t\tid=\"slider-9-slide-63-layer-3\" \n\t\t\t\t\t\t\t\tdata-type=\"image\"\n\t\t\t\t\t\t\t\tdata-rsp_ch=\"on\"\n\t\t\t\t\t\t\t\tdata-xy=\"x:c;y:c;\"\n\t\t\t\t\t\t\t\tdata-text=\"w:normal;\"\n\t\t\t\t\t\t\t\tdata-dim=\"w:1920px;h:670px;\"\n\t\t\t\t\t\t\t\tdata-frame_999=\"o:0;st:w;\"\n\t\t\t\t\t\t\t\tstyle=\"z-index:5;\"\n\t\t\t\t\t\t\t><img decoding=\"async\" src=\"\/\/www.wtcmp.com\/wp-content\/plugins\/revsliderNEW\/public\/assets\/assets\/dummy.png\" alt=\"Location salle vue mer \u00e0 Marseille Tour La Marseillaise - Sky Center\" class=\"tp-rs-img rs-lazyload\" width=\"1920\" height=\"670\" data-lazyload=\"\" data-no-retina title=\"\"> \n\t\t\t\t\t\t\t<\/rs-layer><!--\n-->\t\t\t\t\t\t<\/rs-slide>\n\t\t\t\t\t\t<rs-slide style=\"position: absolute;\" data-key=\"rs-65\" data-title=\"Slide\" data-thumb=\"\/\/www.wtcmp.com\/wp-content\/uploads\/2019\/11\/CENTAURE-en-th\u00e9\u00e2tre-11-50x100.jpg\" data-anim=\"ms:1000;r:0;\" data-in=\"o:0;\" data-out=\"a:false;\">\n\t\t\t\t\t\t\t<img decoding=\"async\" src=\"\/\/www.wtcmp.com\/wp-content\/plugins\/revsliderNEW\/public\/assets\/assets\/dummy.png\" alt=\"salle de r\u00e9union \u00e0 Marseille dans le sky center\" title=\"CENTAURE-en-th\u00e9\u00e2tre-11\" width=\"1920\" height=\"1280\" class=\"rev-slidebg tp-rs-img rs-lazyload\" data-lazyload=\"\/\/www.wtcmp.com\/wp-content\/uploads\/2019\/11\/CENTAURE-en-th\u00e9\u00e2tre-11.jpg\" data-no-retina>\n<!--\n\t\t\t\t\t\t\t--><rs-layer\n\t\t\t\t\t\t\t\tid=\"slider-9-slide-65-layer-5\" \n\t\t\t\t\t\t\t\tdata-type=\"image\"\n\t\t\t\t\t\t\t\tdata-rsp_ch=\"on\"\n\t\t\t\t\t\t\t\tdata-xy=\"x:c;y:c;\"\n\t\t\t\t\t\t\t\tdata-text=\"w:normal;\"\n\t\t\t\t\t\t\t\tdata-dim=\"w:1920px;h:670px;\"\n\t\t\t\t\t\t\t\tdata-frame_999=\"o:0;st:w;\"\n\t\t\t\t\t\t\t\tstyle=\"z-index:5;\"\n\t\t\t\t\t\t\t><img decoding=\"async\" src=\"\/\/www.wtcmp.com\/wp-content\/plugins\/revsliderNEW\/public\/assets\/assets\/dummy.png\" alt=\"Location salle soir\u00e9e de gala \u00e0 Marseille Tour La Marseillaise - Sky Center\" class=\"tp-rs-img rs-lazyload\" width=\"1920\" height=\"670\" data-lazyload=\"\" data-no-retina title=\"\"> \n\t\t\t\t\t\t\t<\/rs-layer><!--\n-->\t\t\t\t\t\t<\/rs-slide>\n\t\t\t\t\t<\/rs-slides>\n\t\t\t\t\t<rs-static-layers><!--\n\t\t\t\t\t--><\/rs-static-layers>\n\t\t\t\t<\/rs-module>\n\t\t\t\t<script>\n\t\t\t\t\tsetREVStartSize({c: 'rev_slider_9_1',rl:[1240,1024,778,480],el:[425],gw:[1220],gh:[426],type:'standard',justify:'',layout:'fullwidth',mh:\"0\"});if (window.RS_MODULES!==undefined && window.RS_MODULES.modules!==undefined && window.RS_MODULES.modules[\"revslider91\"]!==undefined) {window.RS_MODULES.modules[\"revslider91\"].once = false;window.revapi9 = undefined;if (window.RS_MODULES.checkMinimal!==undefined) window.RS_MODULES.checkMinimal()}\n\t\t\t\t<\/script>\n\t\t\t<\/rs-module-wrap>\n\t\t\t<!-- END REVOLUTION SLIDER -->\n[\/vc_column][\/vc_row][\/vc_section][vc_section el_id=&#8221;infos_pratiques&#8221; css=&#8221;.vc_custom_1570521161055{padding-top: 50px !important;padding-bottom: 50px !important;}&#8221; el_class=&#8221;sites_infos_pratiques&#8221;][vc_row][vc_column][vc_empty_space][vc_custom_heading text=&#8221;Practical Informations&#8221; font_container=&#8221;tag:h3|text_align:center|color:%23f09f54&#8243; use_theme_fonts=&#8221;yes&#8221;][vc_empty_space][\/vc_column][\/vc_row][vc_row full_width=&#8221;stretch_row_content_no_spaces&#8221;][vc_column][locations style=&#8221;light-monochrome&#8221; zoomlevel=&#8221;15&#8243; height=&#8221;550&#8243; locations=&#8221;%5B%7B%22marker%22%3A%224156%22%2C%22address%22%3A%222bis%20Boulevard%20Euromediterran%C3%A9e%20Quai%20d&#8217;Arenc%2C%2013002%20Marseille%22%7D%2C%7B%22marker%22%3A%224159%22%2C%22address%22%3A%222%20Rue%20Henri%20Barbusse%2C%2013001%20Marseille%22%7D%2C%7B%22marker%22%3A%224155%22%2C%22address%22%3A%22Palais%20de%20la%20Bourse%2C%20La%20Canebi%C3%A8re%2C%20Marseille%22%7D%2C%7B%22marker%22%3A%224161%22%2C%22address%22%3A%2210%20Avenue%20George%20V%2C%2075008%20Paris%22%7D%5D&#8221;][\/vc_column][\/vc_row][vc_row el_class=&#8221;sites_infos_pratiques&#8221;][vc_column width=&#8221;1\/2&#8243;]<div class=\"iconbox  \">\n\n\t<h4 class=\"box-title\">By plane<\/h4>\n\t<div class=\"box-detail\">\n\t\t<p>Marseille-Provence International Airport (20 minutes by car). Direct flights to 18 destinations in France and 65 across Europe, Africa, the Middle East and North America.<\/p>\n\t\n\t<\/div>\n\t<div class=\"box-icon\"><i class=\"fa fa-plane\"><\/i><\/div>\t\n\t\n<\/div>[\/vc_column][vc_column width=&#8221;1\/4&#8243;]<div class=\"iconbox  \">\n\n\t<h4 class=\"box-title\">By metro, light rail<\/h4>\n\t<div class=\"box-detail\">\n\t\t<p>D\u00e9sir\u00e9e-Clary station \u2013 Line M2 (metro), Arenc Le Silo stop \u2013 Lines T2 and T3 to downtown (light rail)<\/p>\n\t\n\t<\/div>\n\t<div class=\"box-icon\"><i class=\"fa fa-train\"><\/i><\/div>\t\n\t\n<\/div>[\/vc_column][vc_column width=&#8221;1\/4&#8243;]<div class=\"iconbox  \">\n\n\t<h4 class=\"box-title\">By train<\/h4>\n\t<div class=\"box-detail\">\n\t\t<p>Arenc Station at the foot of the tower; Saint-Charles TGV station (5 minutes by car, 10 minutes by metro).<\/p>\n\t\n\t<\/div>\n\t<div class=\"box-icon\"><i class=\"fa fa-subway\"><\/i><\/div>\t\n\t\n<\/div>[\/vc_column][\/vc_row][vc_row][vc_column width=&#8221;1\/3&#8243;]<div class=\"iconbox  \">\n\n\t<h4 class=\"box-title\">By car<\/h4>\n\t<div class=\"box-detail\">\n\t\t<p>A55 highway exit 500 m away; A7 exit 1 km away.<\/p>\n\t\n\t<\/div>\n\t<div class=\"box-icon\"><i class=\"fa fa-car\"><\/i><\/div>\t\n\t\n<\/div>[\/vc_column][vc_column width=&#8221;1\/3&#8243;]<div class=\"iconbox  \">\n\n\t<h4 class=\"box-title\">Parking<\/h4>\n\t<div class=\"box-detail\">\n\t\t<p>Parking Indigo \u2013 Quai d\u2019Arenc: 2 Quai d\u2019ArencParking Indigo<br \/>\nLes Terrasses du Port: located at 9 Quai du Lazaret<\/p>\n\t\n\t<\/div>\n\t<div class=\"box-icon\"><i class=\"fa fa-building\"><\/i><\/div>\t\n\t\n<\/div>[\/vc_column][vc_column width=&#8221;1\/3&#8243;]<div class=\"iconbox  \">\n\n\t<h4 class=\"box-title\">Accommodations<\/h4>\n\t<div class=\"box-detail\">\n\t\t<p>Ibis Eurom\u00e9diterrann\u00e9e \/ Hotel B&amp;B Marseille Euromed \/ Novotel Suites Marseille Centre Euromed \/ Hotel B&amp;B Marseille centre la Joliette \/ Best Western Hotel du Mucem<\/p>\n\t\n\t<\/div>\n\t<div class=\"box-icon\"><i class=\"fa fa-bed\"><\/i><\/div>\t\n\t\n<\/div>[\/vc_column][\/vc_row][\/vc_section][vc_row el_id=&#8221;a_voir&#8221;][vc_column][vc_custom_heading text=&#8221;Sightseeing&#8221; font_container=&#8221;tag:h2|font_size:1.875rem|text_align:center|color:%23f09f54&#8243; use_theme_fonts=&#8221;yes&#8221;][vc_empty_space height=&#8221;60px&#8221;][\/vc_column][\/vc_row][vc_row][vc_column css_animation=&#8221;fadeInLeft&#8221; width=&#8221;1\/2&#8243;][vc_column_text css_animation=&#8221;fadeInLeft&#8221;]<\/p>\n<ul>\n<li>Vieux-Port<\/li>\n<li>Visit the Mucem Museum<\/li>\n<li>Instagram La Major Cathedral<\/li>\n<\/ul>\n<p>[\/vc_column_text][\/vc_column][vc_column css_animation=&#8221;fadeInRight&#8221; width=&#8221;1\/2&#8243;][vc_column_text css_animation=&#8221;fadeInLeft&#8221;]<\/p>\n<ul>\n<li>To be speechless in the Calanques National Park<\/li>\n<li>A bit of hiking in Luminy<\/li>\n<li>Visit the Blue Coast<\/li>\n<\/ul>\n<p>[\/vc_column_text][\/vc_column][\/vc_row][vc_row][vc_column][vc_empty_space height=&#8221;60px&#8221;][\/vc_column][\/vc_row][vc_section][vc_row full_width=&#8221;stretch_row_content_no_spaces&#8221; content_placement=&#8221;middle&#8221; css=&#8221;.vc_custom_1573750455482{background-position: center !important;background-repeat: no-repeat !important;background-size: contain !important;}&#8221;][vc_column][vc_single_image image=&#8221;3376&#8243; img_size=&#8221;full&#8221;][\/vc_column][\/vc_row][\/vc_section][vc_row css_animation=&#8221;bounceIn&#8221; css=&#8221;.vc_custom_1570622229455{padding-top: 80px !important;padding-bottom: 80px !important;}&#8221;][vc_column][vc_custom_heading text=&#8221;World Trade Center&#8221; font_container=&#8221;tag:h6|font_size:17|text_align:center|color:%230e2b5c&#8221; use_theme_fonts=&#8221;yes&#8221; el_class=&#8221;style1&#8243;][vc_empty_space height=&#8221;6px&#8221;][vc_custom_heading text=&#8221;Our ecosystem&#8221; font_container=&#8221;tag:h3|font_size:30px|text_align:center|color:%23f09f54&#8243; use_theme_fonts=&#8221;yes&#8221;][vc_empty_space height=&#8221;30px&#8221;][vc_separator css=&#8221;.vc_custom_1570523292105{margin-bottom: 40px !important;}&#8221;][vc_row_inner el_class=&#8221;list-partner&#8221;][vc_column_inner width=&#8221;1\/5&#8243;][vc_single_image image=&#8221;5080&#8243; img_size=&#8221;&#8221; alignment=&#8221;center&#8221; onclick=&#8221;custom_link&#8221; img_link_target=&#8221;_blank&#8221; el_class=&#8221;attachment-full&#8221; link=&#8221;http:\/\/www.ccimp.com\/&#8221;][\/vc_column_inner][vc_column_inner width=&#8221;1\/5&#8243;][vc_single_image image=&#8221;3146&#8243; img_size=&#8221;175&#215;70&#8243; alignment=&#8221;center&#8221; onclick=&#8221;custom_link&#8221; img_link_target=&#8221;_blank&#8221; link=&#8221;http:\/\/www.upe13.com\/&#8221;][\/vc_column_inner][vc_column_inner width=&#8221;1\/5&#8243;][vc_single_image image=&#8221;3145&#8243; img_size=&#8221;175&#215;70&#8243; alignment=&#8221;center&#8221; onclick=&#8221;custom_link&#8221; img_link_target=&#8221;_blank&#8221; link=&#8221;http:\/\/http:\/\/www.marseille-congres.com\/fr&#8221;][\/vc_column_inner][vc_column_inner width=&#8221;1\/5&#8243;][vc_single_image image=&#8221;3143&#8243; img_size=&#8221;175&#215;70&#8243; alignment=&#8221;center&#8221; onclick=&#8221;custom_link&#8221; img_link_target=&#8221;_blank&#8221; link=&#8221;http:\/\/www.cci.fr\/&#8221;][\/vc_column_inner][vc_column_inner width=&#8221;1\/5&#8243;][vc_single_image image=&#8221;3517&#8243; img_size=&#8221;&#8221; alignment=&#8221;center&#8221; onclick=&#8221;custom_link&#8221; img_link_target=&#8221;_blank&#8221; link=&#8221;http:\/\/https:\/\/www.wtca.org\/&#8221;][\/vc_column_inner][\/vc_row_inner][\/vc_column][\/vc_row][vc_section full_width=&#8221;stretch_row_content&#8221; el_class=&#8221;instagram&#8221;][vc_row full_width=&#8221;stretch_row_content_no_spaces&#8221;][vc_column][vc_column_text][instagram-feed cols=&#8221;5&#8243; imagepadding=0 num=5 showheader=false showbutton=false showfollow=false][\/vc_column_text][\/vc_column][\/vc_row][\/vc_section]<\/p>\n<\/div>","protected":false},"excerpt":{"rendered":"<p>[vc_section full_width=&#8221;stretch_row&#8221; content_placement=&#8221;middle&#8221; css_animation=&#8221;fadeIn&#8221; css=&#8221;.vc_custom_1571260238565{background-color: rgba(255,255,255,0.01) !important;background-position: center !important;background-repeat: no-repeat !important;background-size: cover !important;*background-color: rgb(255,255,255) !important;}&#8221; el_class=&#8221;mask&#8221;][vc_row full_width=&#8221;stretch_row_content_no_spaces&#8221; content_placement=&#8221;middle&#8221; css=&#8221;.vc_custom_1573750332325{background-position: center !important;background-repeat: no-repeat !important;background-size: contain !important;}&#8221;][vc_column][vc_single_image image=&#8221;3302&#8243; img_size=&#8221;full&#8221;][\/vc_column][\/vc_row][\/vc_section][vc_section el_id=&#8221;city_center&#8221;][vc_row][vc_column][vc_wp_custommenu nav_menu=&#8221;89&#8243;][vc_row_inner][vc_column_inner][vc_empty_space height=&#8221;40px&#8221;][vc_custom_heading [&hellip;]<\/p>\n","protected":false},"author":7,"featured_media":0,"parent":0,"menu_order":0,"comment_status":"closed","ping_status":"closed","template":"","meta":{"footnotes":""},"class_list":["post-4567","page","type-page","status-publish","hentry"],"acf":[],"_links":{"self":[{"href":"https:\/\/www.wtcmp.com\/en\/wp-json\/wp\/v2\/pages\/4567","targetHints":{"allow":["GET"]}}],"collection":[{"href":"https:\/\/www.wtcmp.com\/en\/wp-json\/wp\/v2\/pages"}],"about":[{"href":"https:\/\/www.wtcmp.com\/en\/wp-json\/wp\/v2\/types\/page"}],"author":[{"embeddable":true,"href":"https:\/\/www.wtcmp.com\/en\/wp-json\/wp\/v2\/users\/7"}],"replies":[{"embeddable":true,"href":"https:\/\/www.wtcmp.com\/en\/wp-json\/wp\/v2\/comments?post=4567"}],"version-history":[{"count":17,"href":"https:\/\/www.wtcmp.com\/en\/wp-json\/wp\/v2\/pages\/4567\/revisions"}],"predecessor-version":[{"id":9158,"href":"https:\/\/www.wtcmp.com\/en\/wp-json\/wp\/v2\/pages\/4567\/revisions\/9158"}],"wp:attachment":[{"href":"https:\/\/www.wtcmp.com\/en\/wp-json\/wp\/v2\/media?parent=4567"}],"curies":[{"name":"wp","href":"https:\/\/api.w.org\/{rel}","templated":true}]}}